{"id":5873,"date":"2017-07-13T18:48:23","date_gmt":"2017-07-13T18:48:23","guid":{"rendered":"https:\/\/2016.balancosocialbffc.com.br\/?page_id=5873"},"modified":"2017-10-26T16:57:18","modified_gmt":"2017-10-26T16:57:18","slug":"acoes-sociais-marcas-3","status":"publish","type":"page","link":"https:\/\/2016.balancosocialbffc.com.br\/index.php\/acoes-sociais-marcas-3\/","title":{"rendered":"A\u00e7\u00f5es Sociais &#8211; Marcas"},"content":{"rendered":"<p>[vc_row][vc_column][\/vc_column][\/vc_row][vc_row][vc_column]<div class='dt-sc-tabs-horizontal-frame-container '><ul class='dt-sc-tabs-horizontal-frame'><li><a href=\"javascript:void(0);\">BFFC<\/a><\/li><li><a href=\"javascript:void(0);\">Bob's<\/a><\/li><li><a href=\"javascript:void(0);\">Yoggi<\/a><\/li><li><a href=\"javascript:void(0);\">Pizza Hut<\/a><\/li><li><a href=\"javascript:void(0);\">KFC<\/a><\/li><\/ul><div class='dt-sc-tabs-horizontal-frame-content'>[vc_row_inner][vc_column_inner][vc_custom_heading text=&#8221;QUALIDADE DE VIDA&#8221; font_container=&#8221;tag:h2|text_align:left|color:%2360ae0d&#8221; use_theme_fonts=&#8221;yes&#8221; css_animation=&#8221;bounceIn&#8221;][\/vc_column_inner][\/vc_row_inner][vc_row_inner][vc_column_inner width=&#8221;1\/2&#8243;][vc_column_text]<\/p>\n<h5>Lan\u00e7ado em outubro de 2010, o Programa Qualidade de Vida da BFFC, tem como objetivo tornar a vida no trabalho mais produtiva e ao mesmo tempo prazeirosa, buscando uma melhora no bem-estar dos colaboradores ao implantar a\u00e7\u00f5es direcionadas \u00e0 sa\u00fade f\u00edsica, mental e social.<\/h5>\n<p>[\/vc_column_text][\/vc_column_inner][vc_column_inner width=&#8221;1\/2&#8243;][vc_column_text]<\/p>\n<h5>O Programa integra os valores da empresa \u00e0 sua filosofia de gest\u00e3o de pessoas, implantada pela \u00e1rea de Recursos Humanos. Ele constr\u00f3i uma organiza\u00e7\u00e3o mais humanizada e proporciona condi\u00e7\u00f5es de desenvolvimento pessoal e coletivo.<\/h5>\n<p>[\/vc_column_text][\/vc_column_inner][\/vc_row_inner][vc_empty_space height=&#8221;15px&#8221;][vc_separator color=&#8221;custom&#8221; border_width=&#8221;2&#8243; accent_color=&#8221;#60ae0d&#8221;][vc_empty_space height=&#8221;15px&#8221;][vc_row_inner][vc_column_inner width=&#8221;1\/2&#8243;][vc_column_text]<\/p>\n<h2><strong>SHIATSU<\/strong><\/h2>\n<h5>Para promover o bem-estar dos colaboradores no ambiente de trabalho, a BFFC disponibiliza sess\u00f5es de Shiatsu nas sedes de S\u00e3o Paulo e Rio de Janeiro. As sess\u00f5es acontecem a cada quinze dias, e os colaboradores sentem-se mais tranquilos e relaxados com uma pausa durante o expediente.<\/h5>\n<p>[\/vc_column_text][\/vc_column_inner][vc_column_inner width=&#8221;1\/2&#8243;][layerslider_vc id=&#8221;9&#8243;][\/vc_column_inner][\/vc_row_inner][vc_empty_space height=&#8221;15px&#8221;][vc_separator color=&#8221;custom&#8221; border_width=&#8221;2&#8243; accent_color=&#8221;#60ae0d&#8221;][vc_empty_space height=&#8221;15px&#8221;][vc_row_inner][vc_column_inner width=&#8221;1\/2&#8243;][vc_column_text]<\/p>\n<h2><strong>GIN\u00c1STICA LABORAL<\/strong><\/h2>\n<h5>\u00c9 realizada mensalmente a pr\u00e1tica da gin\u00e1stica laboral, com o objetivo de incentivar a pr\u00e1tica de alongamentos e falar sobre a import\u00e2ncia dos movimentos. Todas as aulas s\u00e3o realizadas com alguma tem\u00e1tica, tornando a a\u00e7\u00e3o descontra\u00edda e funcional.<\/h5>\n<p>[\/vc_column_text][\/vc_column_inner][vc_column_inner width=&#8221;1\/2&#8243;][layerslider_vc id=&#8221;10&#8243;][\/vc_column_inner][\/vc_row_inner][vc_empty_space height=&#8221;15px&#8221;][vc_separator color=&#8221;custom&#8221; border_width=&#8221;2&#8243; accent_color=&#8221;#60ae0d&#8221;][vc_empty_space height=&#8221;15px&#8221;][vc_row_inner][vc_column_inner width=&#8221;1\/2&#8243;][vc_column_text]<\/p>\n<h2><strong>DIA DA MULHER<\/strong><\/h2>\n<h5>Visando o bem-estar e valoriza\u00e7\u00e3o das mulheres, Anualmente promovemos a\u00e7\u00f5es no Dia Internacional das Mulheres. Os temas v\u00e3o desde um Bate papo ou consulta com Nutricionista, Palestras sobre cuidados com a sa\u00fade feminina, sess\u00f5es de Automaquilagem e sorteio de pr\u00eamios.<\/h5>\n<p>[\/vc_column_text][\/vc_column_inner][vc_column_inner width=&#8221;1\/2&#8243;][vc_single_image image=&#8221;5892&#8243; img_size=&#8221;full&#8221;][\/vc_column_inner][\/vc_row_inner][vc_empty_space height=&#8221;15px&#8221;][vc_separator color=&#8221;custom&#8221; border_width=&#8221;2&#8243; accent_color=&#8221;#60ae0d&#8221;][vc_empty_space height=&#8221;15px&#8221;][vc_row_inner][vc_column_inner][vc_column_text]<\/p>\n<h2>INVESTIMENTO EDUCACIONAL<\/h2>\n<h5>Investir na edu\u00e7\u00e3o faz parte de nosso DNA.<\/h5>\n<h5>A BFFC investe na educa\u00e7\u00e3o e desenvolvimento de seus talentos, disponibilizando para colaboradores de todas as marcas subs\u00eddio financeiro para o ingresso em faculdades, cursos de p\u00f3s-gradua\u00e7\u00e3o e idiomas. \u00c9 o caso do Rom\u00e1rio Benicio, consultor de campo no Rio de Janeiro, que cursa gradua\u00e7\u00e3o em Administra\u00e7\u00e3o e j\u00e1 planeja seu MBA.<\/h5>\n<p>[\/vc_column_text][\/vc_column_inner][\/vc_row_inner][vc_row_inner][vc_column_inner width=&#8221;1\/4&#8243;][vc_single_image image=&#8221;6104&#8243; img_size=&#8221;390&#215;377&#8243;][\/vc_column_inner][vc_column_inner width=&#8221;3\/4&#8243;][vc_column_text]<em>Entrei na empresa no dia 02\/09\/2010 como atendente, em uma loja do centro do Rio de Janeiro, e desde ent\u00e3o, minha carreira na empresa n\u00e3o parou de crescer. Fui promovido a Monitor de Loja, Assistente de Gerente, Analista de TeD e hoje sou Consultor de Campo, atuando em uma trade na Regi\u00e3o Centro Rio, onde presto consultoria para os franqueados da Marca.<\/em><\/p>\n<p><em>A especializa\u00e7\u00e3o de um profissional, sem d\u00favidas, \u00e9 um ganho tanto para o si mesmo quanto para a empresa. Sou muito grato por estar em uma empresa cuja uma de suas preocupa\u00e7\u00f5es \u00e9 o cuidado e o investimento na especializa\u00e7\u00e3o do seus colaboradores.<\/em>[\/vc_column_text][vc_single_image image=&#8221;6103&#8243; img_size=&#8221;full&#8221;][\/vc_column_inner][\/vc_row_inner]<\/div><div class='dt-sc-tabs-horizontal-frame-content'>[vc_row_inner][vc_column_inner][vc_column_text]<\/p>\n<h2 style=\"text-align: left;\">BOB\u2019S, UMA DAS MAIORES REDES DE HAMB\u00daRGUERES E MILKSHAKES DO BRASIL<\/h2>\n<p>[\/vc_column_text][\/vc_column_inner][\/vc_row_inner][vc_row_inner][vc_column_inner][layerslider_vc id=&#8221;4&#8243;][\/vc_column_inner][\/vc_row_inner][vc_row_inner][vc_column_inner][vc_empty_space height=&#8221;15px&#8221;][\/vc_column_inner][\/vc_row_inner][vc_row_inner][vc_column_inner width=&#8221;1\/2&#8243;][vc_column_text]<\/p>\n<h5>Pioneirismo, criatividade e qualidade. Essas caracter\u00edsticas marcaram o Bob&#8217;s desde sua cria\u00e7\u00e3o, em 1952, pelo americano Robert Falkenburg, campe\u00e3o de t\u00eanis no torneio de Wimbledon em 1948 e 1949. O conceito do fast-food ainda n\u00e3o existia no pa\u00eds, quando o jovem tenista vislumbrou a possibilidade de fazer sucesso no Rio de Janeiro.<br \/>\nEm 1951, Bob \u2013 como era chamado pelos amigos \u2013 abriu a Falkenburg Sorvetes Ltda, que vendia exclusivamente sorvete de baunilha, com m\u00e1quinas e receitas trazidas dos Estados Unidos. Incentivado pelos amigos, um ano depois, inaugurou a primeira loja Bob&#8217;s na Rua Domingos Ferreira, em Copacabana (RJ), lan\u00e7ando no Brasil o hot dog, o hamb\u00farguer, o milk shake e o sundae. Ele \u00e9 o pai do fast-food brasileiro. De l\u00e1 pra c\u00e1, o Bob&#8217;s s\u00f3 fez crescer, vendendo o que h\u00e1 de mais saboroso em hamb\u00fargueres e sundaes, al\u00e9m do inigual\u00e1vel Milk Shake de Ovomaltine.<\/h5>\n<p>[\/vc_column_text][\/vc_column_inner][vc_column_inner width=&#8221;1\/2&#8243;][vc_column_text]<\/p>\n<h5>Em 2014, fechou o ano com 1.127 pontos de venda. \u00c9 presen\u00e7a marcante nas 26 capitais do pa\u00eds e no Distrito Federal e nacionalmente reconhecido por seus produtos de excelente qualidade e com sabor genuinamente brasileiro.<br \/>\nReceitas pr\u00f3prias e exclusivas foram desenvolvidas ao longo de seis d\u00e9cadas, procurando atender ao gosto e ao paladar brasileiro.<br \/>\nA marca tamb\u00e9m est\u00e1 presente em Angola, \u00c1frica, e no Chile, Am\u00e9rica Latina.<br \/>\nhttp:\/\/www.bobs.com.br<\/h5>\n<p>[\/vc_column_text][\/vc_column_inner][\/vc_row_inner][vc_row_inner content_placement=&#8221;middle&#8221; css=&#8221;.vc_custom_1500004824313{background-color: #dd3333 !important;}&#8221;][vc_column_inner css=&#8221;.vc_custom_1500004564400{background-color: #ffffff !important;}&#8221;][vc_separator color=&#8221;custom&#8221; border_width=&#8221;2&#8243; accent_color=&#8221;#60ae0d&#8221;]<h2>PRIMEIRO EMPREGO<\/h2>[vc_empty_space height=&#8221;8px&#8221; css=&#8221;.vc_custom_1500004587181{background-color: #ffffff !important;}&#8221;][vc_column_text css=&#8221;.vc_custom_1500004402456{background-color: #ffffff !important;}&#8221;]<\/p>\n<h5>Em todas as suas marcas, a BFFC oferece aos jovens brasileiros a chance do primeiro emprego, com grandes chances de desenvolver carreira. Experi\u00eancias como a do Jonathan\u00a0est\u00e3o impressas na hist\u00f3ria da organiza\u00e7\u00e3o.<\/h5>\n<p>[\/vc_column_text][\/vc_column_inner][\/vc_row_inner][vc_row_inner][vc_column_inner width=&#8221;1\/4&#8243; css=&#8221;.vc_custom_1500003449923{background-color: #ffffff !important;}&#8221;][vc_single_image image=&#8221;5929&#8243; img_size=&#8221;238&#215;300&#8243;][\/vc_column_inner][vc_column_inner width=&#8221;3\/4&#8243; css=&#8221;.vc_custom_1500003460406{background-color: #ffffff !important;}&#8221;][vc_column_text]<em>Sempre tive muita vontade de trabalhar em uma grande empresa. Quando entrei no Bob\u2019s como jovem aprendiz, fui super bem recebido, e logo de cara percebi que era uma empresa s\u00e9ria, que tinha um cuidado muito especial com os seus funcion\u00e1rios. As oportunidades para crescimento apareciam todos os dias, e s\u00f3 dependia de mim abra\u00e7\u00e1-las e seguir em frente.<\/em><\/p>\n<p><em>Passei por v\u00e1rias \u00e1reas, sempre buscando me desenvolver com os cursos e treinamentos que eram oferecidos. Hoje eu tenho muito orgulho dessa trajet\u00f3ria, pois todo o meu esfor\u00e7o foi reconhecido, e fica a certeza que posso ir al\u00e9m e crescer muito mais.<\/em>[\/vc_column_text][vc_single_image image=&#8221;5943&#8243; img_size=&#8221;full&#8221;][\/vc_column_inner][\/vc_row_inner][vc_row_inner content_placement=&#8221;middle&#8221; css=&#8221;.vc_custom_1500004824313{background-color: #dd3333 !important;}&#8221;][vc_column_inner css=&#8221;.vc_custom_1500004564400{background-color: #ffffff !important;}&#8221;][vc_separator color=&#8221;custom&#8221; border_width=&#8221;2&#8243; accent_color=&#8221;#60ae0d&#8221;]<h2>MELHOR IDADE<\/h2>[vc_empty_space height=&#8221;8px&#8221; css=&#8221;.vc_custom_1500004587181{background-color: #ffffff !important;}&#8221;][vc_column_text css=&#8221;.vc_custom_1500007049499{background-color: #ffffff !important;}&#8221;]<\/p>\n<h5 class=\"p1\"><span class=\"s1\">O Bob&#8217;s oferece emprego a pessoas de todas as idades, inclusive para aqueles que t\u00eam mais de 45 anos, estabelecendo uma rela\u00e7\u00e3o com esse p\u00fablico que enfrenta dificuldades para a inser\u00e7\u00e3o no mercado de trabalho. <\/span><\/h5>\n<h5 class=\"p1\"><span class=\"s1\">Na marca, o programa que emprega idosos chama-se Melhor Idade, e foi criado em 2003. J\u00e1 recebeu o Pr\u00eamio ABF \u2013 Afras Destaque em Responsabilidade Social e v\u00e1rias mo\u00e7\u00f5es da C\u00e2mara Municipal do Rio de Janeiro.<\/span><\/h5>\n<p>[\/vc_column_text][\/vc_column_inner][\/vc_row_inner][vc_row_inner][vc_column_inner width=&#8221;1\/4&#8243; css=&#8221;.vc_custom_1500003449923{background-color: #ffffff !important;}&#8221;][vc_gallery interval=&#8221;3&#8243; images=&#8221;6162,6163,6164&#8243; img_size=&#8221;400&#215;267&#8243; onclick=&#8221;&#8221;][\/vc_column_inner][vc_column_inner width=&#8221;3\/4&#8243; css=&#8221;.vc_custom_1500003460406{background-color: #ffffff !important;}&#8221;][vc_column_text]<em>Trabalhar no Bob\u2019s foi uma b\u00ean\u00e7\u00e3o para mim! Tudo aconteceu h\u00e1 14 anos, quando o Bob\u2019s me abriu as portas. Hoje, com 63 anos eu posso dizer que o Bob\u2019s foi praticamente meu primeiro emprego.<\/em><\/p>\n<p><em>Eu gosto de estar no meio do pessoal jovem e aprender com eles. Sem contar que o trabalho \u00e9 bem tranquilo, os benef\u00edcios s\u00e3o muito bons. Eu e minha fam\u00edlia s\u00f3 temos a agradecer ao Bob\u2019s, e mesmo depois que eu me aposentar, quero continuar trabalhando por muitos anos aqui!<\/em>[\/vc_column_text][vc_single_image image=&#8221;5949&#8243; img_size=&#8221;full&#8221;][\/vc_column_inner][\/vc_row_inner][vc_separator color=&#8221;custom&#8221; border_width=&#8221;2&#8243; accent_color=&#8221;#60ae0d&#8221;][vc_empty_space height=&#8221;15px&#8221;][vc_column_text]<\/p>\n<h2>PROFISS\u00c3O PARA TODOS<\/h2>\n<h5 class=\"p1\"><span class=\"s1\">Com o objetivo de integrar o portador de necessidades especiais no ambiente de trabalho, auxiliando no seu desenvolvimento, a BFFC abre vagas para esse p\u00fablico indo al\u00e9m do que \u00e9 exigido pela legisla\u00e7\u00e3o.<\/span><\/h5>\n<h5 class=\"p1\"><span class=\"s1\">Para a organiza\u00e7\u00e3o ter portadores de necessidades especiais trabalhando em seus restaurantes, \u00e9 abrir-se \u00e0 diversidade, aceitando as diferen\u00e7as.<\/span><\/h5>\n<h5 class=\"p1\"><span class=\"s1\">Por isso, nas lojas das marcas da BFFC s\u00e3o contratados portadores de necessidades especiais que desempenham suas fun\u00e7\u00f5es com efici\u00eancia e qualidade, como \u00e9 o caso do atendente M\u00e1rcio Francisco da Silva.<\/span><\/h5>\n<p>[\/vc_column_text][vc_empty_space height=&#8221;15px&#8221;][vc_row_inner][vc_column_inner width=&#8221;1\/4&#8243;][vc_gallery interval=&#8221;3&#8243; images=&#8221;6158,6159,6160&#8243; img_size=&#8221;400&#215;267&#8243; onclick=&#8221;&#8221;][\/vc_column_inner][vc_column_inner width=&#8221;3\/4&#8243;][vc_column_text]<\/p>\n<h5 style=\"text-align: center;\"><\/h5>\n<p style=\"text-align: left;\"><em>Depois de procurar emprego em muitos lugares e n\u00e3o conseguir nada por conta da minha defici\u00eancia, o Bob\u2019s me deu a oportunidade de mostrar que posso contribuir muito para a empresa. Aqui eu me sinto em casa, e os colaboradores s\u00e3o como irm\u00e3os, todo mundo se ajuda. Eu j\u00e1 trabalhei em todas as se\u00e7\u00f5es da loja e agora fico apenas no caixa, pois sinto dor na perna em outras atividades.<\/em><\/p>\n<p style=\"text-align: left;\"><em>S\u00e3o 14 anos de Bob\u2019s, a empresa que eu me orgulho de fazer parte, com satisfa\u00e7\u00e3o e alegria.<\/em><\/p>\n<p>[\/vc_column_text][vc_single_image image=&#8221;5958&#8243; img_size=&#8221;full&#8221;][\/vc_column_inner][\/vc_row_inner][vc_row_inner][vc_column_inner][vc_empty_space height=&#8221;15px&#8221;][\/vc_column_inner][\/vc_row_inner][vc_row_inner][vc_column_inner width=&#8221;2\/3&#8243;][vc_column_text]<\/p>\n<h5 style=\"text-align: left;\"><\/h5>\n<p style=\"text-align: left;\"><em>Me chamo Luciana Portela e adoro trabalhar no Bob\u2019s. H\u00e1 oito anos eu me dedico a essa empresa, que me acolheu e me deu essa oportunidade de trabalho. Sou deficiente auditiva e mesmo morando longe, vou e volto sozinha todos os dias! Eu quase n\u00e3o tive faltas em todos esses anos.<\/em><\/p>\n<p style=\"text-align: left;\"><em>Eu gosto muito de chegar na loja e deixar o sal\u00e3o todo organizado para receber os clientes. Deixo o ch\u00e3o e as mesas brilhando!!! E ainda ajudo com as campanhas da guerrilha, trazendo clientes para a loja.<\/em><\/p>\n<p>[\/vc_column_text][vc_single_image image=&#8221;5956&#8243; img_size=&#8221;full&#8221;][\/vc_column_inner][vc_column_inner width=&#8221;1\/3&#8243;][vc_gallery interval=&#8221;3&#8243; images=&#8221;6155,6156,6157&#8243; img_size=&#8221;400&#215;267&#8243; onclick=&#8221;&#8221;][\/vc_column_inner][\/vc_row_inner][vc_separator color=&#8221;custom&#8221; border_width=&#8221;2&#8243; accent_color=&#8221;#60ae0d&#8221;][vc_empty_space height=&#8221;15px&#8221;][vc_row_inner][vc_column_inner]<h2>DOA\u00c7\u00c30 DE SANGUE<\/h2>[\/vc_column_inner][\/vc_row_inner][vc_row_inner][vc_column_inner][vc_empty_space height=&#8221;8px&#8221;][\/vc_column_inner][\/vc_row_inner][vc_row_inner][vc_column_inner width=&#8221;2\/3&#8243;][vc_column_text css=&#8221;.vc_custom_1500006839150{margin-bottom: 10px !important;}&#8221;]<\/p>\n<h5>O Bob&#8217;s esteve presente no dia mundial do doador de sangue, homenageando e agradecendo a todos os doadores que ajudam a salvar vidas diariamente.<\/h5>\n<h5>No dia 14\/6\/2017 foi celebrado o dia Mundial do Doador de Sangue e o Bob\u00b4s, em parceria com o Hemorio, promoveu uma a\u00e7\u00e3o assinada pela ag\u00eancia Amo, para celebrar a data e atrair mais doadores ao local.<\/h5>\n<h5>Com o conceito \u201cDoar deixa a vida mais doce\u201d, os 300 primeiros doadores que chegaram ao Hemorio receberam um cupom para ser trocado pelo nosso famoso Milkshake, na loja Bob\u2019s mais pr\u00f3xima do local: Av. Presidente Vargas n\u00ba 1875, Centro &#8211; RJ.<\/h5>\n<p>[\/vc_column_text][\/vc_column_inner][vc_column_inner width=&#8221;1\/3&#8243;][vc_single_image image=&#8221;5569&#8243; img_size=&#8221;416&#215;415&#8243; alignment=&#8221;center&#8221;][\/vc_column_inner][\/vc_row_inner][vc_row_inner][vc_column_inner][vc_empty_space height=&#8221;15px&#8221;][vc_separator color=&#8221;custom&#8221; border_width=&#8221;2&#8243; accent_color=&#8221;#60ae0d&#8221;][vc_empty_space height=&#8221;15px&#8221;][\/vc_column_inner][\/vc_row_inner][vc_row_inner][vc_column_inner width=&#8221;2\/3&#8243;][vc_column_text]<\/p>\n<h2>DIA DAS CRIAN\u00c7AS<\/h2>\n<h5>Levar sabor, sorriso e carinho para crian\u00e7as carentes \u00e9 um gesto de amor. Foi com esse esp\u00edrito que o Bob\u2019s e seus colaboradores das unidades CAR S\u00e3o Paulo e Rio de Janeiro entregaram kits de sanduiches para crian\u00e7as carentes de Creches escolhidas.<\/h5>\n<h5>A recep\u00e7\u00e3o calorosa das crian\u00e7as transformou o momento em uma festa. Al\u00e9m disso, muitas crian\u00e7as tiveram a oportunidade de saborar um sanduiche do Bob\u2019s pela primeira vez, o que nos deixa com o senso de gratid\u00e3o, por transformar em realidade o sonho de muitas delas.<\/h5>\n<p>[\/vc_column_text][\/vc_column_inner][vc_column_inner width=&#8221;1\/3&#8243;][vc_images_carousel images=&#8221;5581,5580,5579,5578,5575,5574&#8243; img_size=&#8221;400&#215;300&#8243; onclick=&#8221;link_no&#8221; autoplay=&#8221;yes&#8221; hide_pagination_control=&#8221;yes&#8221; hide_prev_next_buttons=&#8221;yes&#8221; wrap=&#8221;yes&#8221;][\/vc_column_inner][\/vc_row_inner][vc_row_inner][vc_column_inner][vc_empty_space height=&#8221;15px&#8221;][vc_separator color=&#8221;custom&#8221; border_width=&#8221;2&#8243; accent_color=&#8221;#60ae0d&#8221;][vc_empty_space height=&#8221;15px&#8221;][vc_custom_heading text=&#8221;DOA\u00c7\u00c3O DE NOTAS FISCAIS PARA ONG ALDEIAS INFANTIS&#8221; use_theme_fonts=&#8221;yes&#8221;][\/vc_column_inner][\/vc_row_inner][vc_row_inner][vc_column_inner width=&#8221;1\/4&#8243;][vc_single_image image=&#8221;5962&#8243; img_size=&#8221;194&#215;300&#8243;][\/vc_column_inner][vc_column_inner width=&#8221;3\/4&#8243;][vc_column_text]<\/p>\n<h5>Em parceria com a ONG Aldeias Infantis, parte do imposto das notas fiscais geradas nas lojas participantes s\u00e3o destinados para a defesa e garantia dos direitos das crian\u00e7as, adolescentes e jovens.<\/h5>\n<p>[\/vc_column_text][vc_images_carousel images=&#8221;5964,5965&#8243; img_size=&#8221;full&#8221; onclick=&#8221;link_no&#8221; autoplay=&#8221;yes&#8221; hide_pagination_control=&#8221;yes&#8221; hide_prev_next_buttons=&#8221;yes&#8221; partial_view=&#8221;yes&#8221; wrap=&#8221;yes&#8221;][\/vc_column_inner][\/vc_row_inner][vc_row_inner][vc_column_inner][vc_empty_space height=&#8221;15px&#8221;][vc_separator color=&#8221;custom&#8221; border_width=&#8221;2&#8243; accent_color=&#8221;#60ae0d&#8221;][vc_empty_space height=&#8221;15px&#8221;][vc_custom_heading text=&#8221;DOA\u00c7\u00c3O DE CHEQUE SUPPLY AWARDS<br \/>\nPARA INSTITUI\u00c7\u00c3O ABC DO CORA\u00c7\u00c3O&#8221; use_theme_fonts=&#8221;yes&#8221;][\/vc_column_inner][\/vc_row_inner][vc_row_inner][vc_column_inner width=&#8221;2\/3&#8243;][vc_column_text]<\/p>\n<h5 class=\"p1\"><span class=\"s1\">O Supply Awards \u00e9 um evento de confraterniza\u00e7\u00e3o e reconhecimento dos fornecedores da marca Bob\u00b4s\u00a0<\/span><span class=\"s1\">que mais se destacaram no ano de 2016. <\/span><\/h5>\n<h5 class=\"p1\"><span class=\"s1\">parte do valor arrecadado com a venda de convites \u00e9 destinada a sociedade.\u00a0<\/span><\/h5>\n<h5 class=\"p1\"><span class=\"s1\">Em\u00a02016, a ONG ABC do Cora\u00e7\u00e3o Integrado foi contemplada com um cheque no valor de 10 mil reais.\u00a0<\/span><\/h5>\n<p>[\/vc_column_text][vc_single_image image=&#8221;6070&#8243; img_size=&#8221;302&#215;61&#8243;][\/vc_column_inner][vc_column_inner width=&#8221;1\/3&#8243;][vc_single_image image=&#8221;5974&#8243; img_size=&#8221;300&#215;335&#8243;][\/vc_column_inner][\/vc_row_inner][vc_row_inner][vc_column_inner][vc_empty_space height=&#8221;15px&#8221;][vc_separator color=&#8221;custom&#8221; border_width=&#8221;2&#8243; accent_color=&#8221;#60ae0d&#8221;][vc_empty_space height=&#8221;15px&#8221;][vc_custom_heading text=&#8221;COMUNICA\u00c7\u00c30&#8243; use_theme_fonts=&#8221;yes&#8221;][\/vc_column_inner][\/vc_row_inner][vc_row_inner][vc_column_inner width=&#8221;2\/3&#8243;][vc_column_text]<\/p>\n<h5>Na TV Bob&#8217;s voc\u00ea fica sabendo em primeira m\u00e3o tudo o que acontece no Bob&#8217;s, os lan\u00e7amentos de produtos, boas pr\u00e1ticas, treinamentos, curiosidades, al\u00e9m de dicas e recados!<\/h5>\n<h5>Assista os programas em <a href=\"http:\/\/www.portaldetreinamentobobs.com.br\">www.portaldetreinamentobobs.com.br<\/a><\/h5>\n<p>[\/vc_column_text][\/vc_column_inner][vc_column_inner width=&#8221;1\/3&#8243;][vc_single_image image=&#8221;6015&#8243; img_size=&#8221;full&#8221;][\/vc_column_inner][\/vc_row_inner][vc_row_inner][vc_column_inner][\/vc_column_inner][\/vc_row_inner]<\/div><div class='dt-sc-tabs-horizontal-frame-content'>[vc_row_inner][vc_column_inner][vc_column_text]<\/p>\n<h2 class=\"vc_custom_heading\">YOGGI, A INOVA\u00c7\u00c3O DA SOBREMESA COM SABOR E SEM CULPA<\/h2>\n<p>[\/vc_column_text][\/vc_column_inner][\/vc_row_inner][vc_row_inner][vc_column_inner][layerslider_vc id=&#8221;3&#8243;][\/vc_column_inner][\/vc_row_inner][vc_row_inner][vc_column_inner width=&#8221;1\/2&#8243;][vc_column_text]<\/p>\n<h5 class=\"corpo_just\">A Yoggi abriu suas portas no ver\u00e3o de 2008 em um cantinho charmoso do Leblon, no Rio de Janeiro. Rapidamente a loja conquistou o p\u00fablico gra\u00e7as ao seu frozen iogurte azedinho doce.<\/h5>\n<h5 class=\"corpo_just\">Os sabores Natural, Jabuticaba e Chocolate Belga ca\u00edram no gosto de todos. Junto com eles tamb\u00e9m foram lan\u00e7ados deliciosos sabores das quatro esta\u00e7\u00f5es.<\/h5>\n<p>[\/vc_column_text][\/vc_column_inner][vc_column_inner width=&#8221;1\/2&#8243;][vc_column_text]<\/p>\n<h5>A loja inovou com o Yoggi Blend, que permite criar na hora praticamente qualquer combina\u00e7\u00e3o de toppings, despertando a curiosidade e a sensa\u00e7\u00e3o de desenvolver exclusivos sabores Yoggis. Em 31 de dezembro, a rede fechou o ano com 48 lojas.<\/h5>\n<h5><a href=\"http:\/\/www.yoggi.com.br\">http:\/\/www.yoggi.com.br<\/a><\/h5>\n<p>[\/vc_column_text][\/vc_column_inner][\/vc_row_inner][vc_separator color=&#8221;custom&#8221; border_width=&#8221;2&#8243; accent_color=&#8221;#60ae0d&#8221;][vc_empty_space height=&#8221;15px&#8221;][vc_custom_heading text=&#8221;YOGGI NA VEIA&#8221; use_theme_fonts=&#8221;yes&#8221;][vc_row_inner][vc_column_inner][vc_column_text]<\/p>\n<h5 class=\"corpo_just\">Para aplaudir os colaboradores e franqueados que v\u00e3o al\u00e9m, foi lan\u00e7ada em 2014 a campanha Yoggi na Veia, uma esp\u00e9cie de avalia\u00e7\u00e3o de desempenho que tinha como objetivo reconhecer, motivar e reter aqueles que mais se destacassem na rede.<\/h5>\n<h5 class=\"corpo_just\">A campanha foi dividida em programas, sendo dois voltados apenas para os colaboradores e o terceiro voltado para colaboradores e franqueados.<\/h5>\n<p>[\/vc_column_text][\/vc_column_inner][\/vc_row_inner][vc_row_inner][vc_column_inner width=&#8221;1\/4&#8243;][vc_single_image image=&#8221;6026&#8243; img_size=&#8221;full&#8221;][\/vc_column_inner][vc_column_inner width=&#8221;3\/4&#8243;][vc_column_text]<\/p>\n<h5>O programa\u00a0<em>Mandei Bem<\/em>, atrav\u00e9s de avalia\u00e7\u00f5es peri\u00f3dicas de desempenho nos setores da loja \u2013 bastidores, atendimento e caixa \u2013, premiava com um PIN os mais habilidosos nas tr\u00eas \u00e1reas. Aquele que acumulasse tr\u00eas PINs Mandei Bem, ainda ganhava um vale compras de R$ 50.<\/h5>\n<p>[\/vc_column_text][\/vc_column_inner][\/vc_row_inner][vc_row_inner][vc_column_inner width=&#8221;2\/3&#8243;][vc_column_text]<\/p>\n<h5 class=\"corpo_just\">O programa\u00a0<em>Mandei MUITO Bem<\/em>\u00a0reconhecia aqueles que proporcionavam aos clientes uma experi\u00eancia memor\u00e1vel de consumo, com um atendimento nota 10. Neste programa o pr\u00f3prio cliente que avaliava por meio de uma pergunta o colaborador, respondendo:<em>\u00a0Voc\u00ea daria um PIN de reconhecimento para quem lhe atendeu?<\/em>\u00a0Aqueles que se destacavam, al\u00e9m do PIN\u00a0<em>Mandei MUITO Bem<\/em>, ainda podiam ganhar: uma folga no s\u00e1bado, vale-compras no valor de R$ 50 e um Yoggi Day para at\u00e9 tr\u00eas familiares.<\/h5>\n<h5 class=\"corpo_just\">O programa\u00a0<em>Super Franquia 2014<\/em>\u00a0tamb\u00e9m era um programa de reconhecimento e premia\u00e7\u00e3o, s\u00f3 que al\u00e9m dos colaboradores, tamb\u00e9m reconhecia as lojas que atingissem os melhores resultados de performance no ano, tendo como ferramentas de avalia\u00e7\u00e3o: visita t\u00e9cnica, cliente misterioso e resultado.<\/h5>\n<p>[\/vc_column_text][\/vc_column_inner][vc_column_inner width=&#8221;1\/3&#8243;][vc_single_image image=&#8221;6028&#8243; img_size=&#8221;269&#215;306&#8243;][\/vc_column_inner][\/vc_row_inner][vc_row_inner][vc_column_inner width=&#8221;1\/4&#8243;][vc_single_image image=&#8221;6030&#8243; img_size=&#8221;200&#215;306&#8243;][\/vc_column_inner][vc_column_inner width=&#8221;3\/4&#8243;][vc_column_text]<\/p>\n<h5 class=\"corpo_just\">A franqueada Suian Nobre, que tem dois quiosques da marca, sendo um no Shopping Metropolitano Barra e outro no Park Shopping Campo Grande, ambos no Rio de Janeiro, deu-se otimamente bem na campanha Yoggi na Veia, contando com a simpatia do atendente Rodrigo da Silva Vieira.<\/h5>\n<h5 class=\"corpo_just\">Rodrigo\u00a0<em>Mandou MUITO Bem<\/em>\u00a0e ganhou o seu PIN e uma promo\u00e7\u00e3o: entrou na Yoggi em dezembro de 2013 como atendente s\u00eanior e hoje \u00e9 assistente. Durante a campanha, ele trabalhava no quiosque da Barra, atualmente \u00e9 o bra\u00e7o direito da franqueada e est\u00e1 locado em Campo Grande:\u00a0<em>\u201cTenho como miss\u00e3o motivar o pessoal de l\u00e1 para o desenvolvimento de um bom trabalho\u201d<\/em>.<\/h5>\n<h5 class=\"corpo_just\">Focado, o jovem de 23 anos quer estudar e se aprofundar em administra\u00e7\u00e3o e marketing:\u00a0<em>\u201cA Yoggi quer crescer e eu quero crescer junto com ela\u201d<\/em>, finaliza.<\/h5>\n<p>[\/vc_column_text][\/vc_column_inner][\/vc_row_inner]<\/div><div class='dt-sc-tabs-horizontal-frame-content'>[vc_row_inner][vc_column_inner][vc_column_text]<\/p>\n<h2 style=\"text-align: left;\">PIZZA HUT, L\u00cdDER MUNDIAL NA CATEGORIA DE PIZZA<\/h2>\n<p>[\/vc_column_text][layerslider_vc id=&#8221;6&#8243;][\/vc_column_inner][\/vc_row_inner][vc_row_inner][vc_column_inner][vc_empty_space height=&#8221;15px&#8221;][\/vc_column_inner][\/vc_row_inner][vc_row_inner][vc_column_inner width=&#8221;1\/2&#8243;][vc_column_text]<\/p>\n<h5 class=\"corpo_just\">A Pizza Hut est\u00e1 presente nos cinco continentes em mais de 130 pa\u00edses. A rede conta com mais de 14.000 restaurantes ao redor do mundo e emprega mais de 250.000 pessoas apenas nos Estados Unidos. Por dia, 11,5 milh\u00f5es de pizzas s\u00e3o vendidas para mais de 4 milh\u00f5es de consumidores da Pizza Hut no mundo. No Brasil, s\u00e3o dezenas de restaurantes distribu\u00eddos pelos estados, atingindo o n\u00famero de 1 milh\u00e3o de pessoas consumindo Pizza Hut por m\u00eas.<\/h5>\n<h5 class=\"corpo_just\">A marca foi criada por dois irm\u00e3os em Wichita, Kansas, Dan e Frank Caney que resolveram abrir uma pizzaria, em 1958. Com apenas 500 d\u00f3lares emprestados de sua m\u00e3e, eles inauguraram a primeira loja em sua cidade. O restaurante ficava em um edif\u00edcio desocupado com telhado de cabana, onde havia uma placa de sinaliza\u00e7\u00e3o com espa\u00e7o para oito letras. A mulher de Dan ent\u00e3o sugeriu a palavra hut (cabana).<\/h5>\n<h5 class=\"corpo_just\">Em 1968, a Pizza Hut entrou no mercado internacional com a abertura do primeiro restaurante no Canad\u00e1.<\/h5>\n<p>[\/vc_column_text][\/vc_column_inner][vc_column_inner width=&#8221;1\/2&#8243;][vc_column_text]<\/p>\n<h5 class=\"corpo_just\">Na Grande S\u00e3o Paulo, a Pizza Hut \u00e9 administrada pela Internacional Restaurantes do Brasil (IRB) desde 1999, empresa reconhecida pela sua excel\u00eancia na opera\u00e7\u00e3o de restaurantes. Desde agosto de 2008, a Internacional Restaurantes do Brasil (IRB) pertence ao grupo BFFC.<\/h5>\n<h5 class=\"corpo_just\">O trabalho desenvolvido com a marca adota como premissas a qualidade de seus produtos e servi\u00e7os, o respeito ao mercado, aos consumidores, parceiros e colaboradores e a responsabilidade social que uma empresa deve ter, desde a gera\u00e7\u00e3o de emprego at\u00e9 a gest\u00e3o respons\u00e1vel de seus recursos.<\/h5>\n<h5 class=\"corpo_just\">A BFFC encerrou o ano de 2014 com 32 restaurantes da Pizza Hut na cidade de S\u00e3o Paulo e tr\u00eas na grande ABC.<\/h5>\n<h5 class=\"corpo_just\"><a title=\"Requer conex\u00e3o com a internet\" href=\"http:\/\/www.pizzahutsp.com.br\" target=\"_blank\" rel=\"noopener noreferrer\">http:\/\/www.pizzahutsp.com.br<\/a>.<\/h5>\n<p>[\/vc_column_text][\/vc_column_inner][\/vc_row_inner][vc_row_inner content_placement=&#8221;middle&#8221; css=&#8221;.vc_custom_1500004824313{background-color: #dd3333 !important;}&#8221;][vc_column_inner css=&#8221;.vc_custom_1500004564400{background-color: #ffffff !important;}&#8221;][vc_separator color=&#8221;custom&#8221; border_width=&#8221;2&#8243; accent_color=&#8221;#60ae0d&#8221;][vc_empty_space height=&#8221;15px&#8221; css=&#8221;.vc_custom_1500049116682{background-color: #ffffff !important;}&#8221;][vc_column_text css=&#8221;.vc_custom_1501612335515{background-color: #ffffff !important;}&#8221;]<\/p>\n<h2><span style=\"color: #60ae0d;\"><em>Aprendendo com os mais velhos<\/em><\/span><\/h2>\n<h2>Programa Atividade<\/h2>\n<p>[\/vc_column_text][\/vc_column_inner][\/vc_row_inner][vc_row_inner][vc_column_inner css=&#8221;.vc_custom_1500003449923{background-color: #ffffff !important;}&#8221;][vc_column_text]<\/p>\n<h5 class=\"corpo_just\">O Programa Atividade da Pizza Hut oferece oportunidade de recoloca\u00e7\u00e3o no mercado de trabalho a pessoas com mais de 60 anos. Criado em 2003, foi desenvolvido a partir de pesquisas realizadas pelo IBGE que mostravam o n\u00famero de profissionais idosos e ativos na sociedade e suas necessidades.<\/h5>\n<h5 class=\"corpo_just\">Al\u00e9m da oportunidade profissional, o programa oferece benef\u00edcios como planos de sa\u00fade e odontol\u00f3gico \u2013 importantes para pessoas nessa faixa de idade \u2013 cesta b\u00e1sica, remunera\u00e7\u00e3o acima da m\u00e9dia de mercado, seguro de vida e alimenta\u00e7\u00e3o no local.<\/h5>\n<h5 class=\"corpo_just\">Atualmente, 10% do quadro funcional \u00e9 de participantes do programa, que recebem treinamento espec\u00edfico para todas as atividades existentes nos restaurantes. \u00c9 desej\u00e1vel que, nos pr\u00f3ximos anos, este n\u00famero percentual aumente para 15.<\/h5>\n<h5 class=\"corpo_just\">H\u00e1 tamb\u00e9m plano de carreira, alguns integrantes ingressaram como atendentes e ascendem a supervisores ou gerentes de unidades.<\/h5>\n<h5 class=\"corpo_just\">S\u00e3o muitos os elogios recebidos, seja pelo \u00f3timo atendimento que os participantes do programa oferecem, seja pela iniciativa da empresa, que \u00e9 muito bem-vista pela sociedade.<\/h5>\n<h5 class=\"corpo_just\">A Pizza Hut acha \u00f3timo ter pessoas experientes em seu quadro funcional. Os mais jovens aprendem muito com os mais velhos. Essa troca de experi\u00eancias \u00e9 positiva para ambos os lados.<\/h5>\n<p>[\/vc_column_text][\/vc_column_inner][\/vc_row_inner][vc_separator color=&#8221;custom&#8221; border_width=&#8221;2&#8243; accent_color=&#8221;#60ae0d&#8221;][vc_empty_space height=&#8221;15px&#8221; css=&#8221;.vc_custom_1500049116682{background-color: #ffffff !important;}&#8221;][vc_column_text css=&#8221;.vc_custom_1501612373483{background-color: #ffffff !important;}&#8221;]<\/p>\n<h2><span style=\"color: #60ae0d;\"><em>Solidariedade sem Paternalismo<\/em><\/span><\/h2>\n<h2>Programa Profiss\u00e3o para Todos<\/h2>\n<p>[\/vc_column_text][vc_row_inner][vc_column_inner css=&#8221;.vc_custom_1500003449923{background-color: #ffffff !important;}&#8221;][vc_column_text]<\/p>\n<h5 class=\"corpo_just\">O programa Profiss\u00e3o para Todos teve in\u00edcio em 2003, para garantir o cumprimento da legisla\u00e7\u00e3o de cotas para deficientes (4% dos colaboradores).<\/h5>\n<h5 class=\"corpo_just\">Em 2013, foi transformado em um facilitador visando ao desenvolvimento do trabalho com a diversidade, respeito, conv\u00edvio, educa\u00e7\u00e3o, toler\u00e2ncia e lideran\u00e7a dentro dos restaurantes. Uma forma de iniciar um trabalho social sustent\u00e1vel.<\/h5>\n<h5 class=\"corpo_just\">Com esse foco, a empresa procurou a parceria da Associa\u00e7\u00e3o de Pais e Amigos de Excepcionais (Apae) para auxiliar a garantir um programa com consist\u00eancia. Na ocasi\u00e3o, foram investidos R$ 66.000 no desenvolvimento e contrata\u00e7\u00e3o de dez profissionais com defici\u00eancia intelectual.<\/h5>\n<h5 class=\"corpo_just\">Atualmente, o programa \u00e9 um facilitador do processo de inclus\u00e3o, atuando desde a prepara\u00e7\u00e3o do ambiente do trabalho por meio de sensibiliza\u00e7\u00e3o dos colaboradores e lideran\u00e7as at\u00e9 o processo de contrata\u00e7\u00e3o e adapta\u00e7\u00e3o dos novos colaboradores ao ambiente organizacional.<\/h5>\n<p>[\/vc_column_text][\/vc_column_inner][\/vc_row_inner][vc_separator color=&#8221;custom&#8221; border_width=&#8221;2&#8243; accent_color=&#8221;#60ae0d&#8221;][vc_empty_space height=&#8221;15px&#8221; css=&#8221;.vc_custom_1500049116682{background-color: #ffffff !important;}&#8221;][vc_column_text css=&#8221;.vc_custom_1501612406569{background-color: #ffffff !important;}&#8221;]<\/p>\n<h2><em><span style=\"color: #60ae0d;\">Ensinando a Crescer<\/span><\/em><\/h2>\n<h2>Programa Desenvolvimento<\/h2>\n<p>[\/vc_column_text][vc_row_inner][vc_column_inner css=&#8221;.vc_custom_1500003449923{background-color: #ffffff !important;}&#8221;][vc_column_text]<\/p>\n<h5 class=\"corpo_just\">Com o objetivo de proporcionar o desenvolvimento e crescimento daqueles que come\u00e7am na empresa como atendentes e\/ou instrutores, a Pizza Hut oferece para esses profissionais a oportunidade de se transformarem em gerentes, por meio do Programa Desenvolvimento, um treinamento que aborda, entre outros, os seguintes temas: padr\u00f5es operacionais, seguran\u00e7a alimentar, lideran\u00e7a, comunica\u00e7\u00e3o, planejamento, trabalho em equipe.<\/h5>\n<h5 class=\"corpo_just\">A empresa forma, em m\u00e9dia, quatro turmas de 50 pessoas por ano. O programa promove o crescimento interno, envolvimento e valoriza\u00e7\u00e3o dos profissionais que vislumbram a possibilidade de carreira.<\/h5>\n<p>[\/vc_column_text][\/vc_column_inner][\/vc_row_inner][vc_separator color=&#8221;custom&#8221; border_width=&#8221;2&#8243; accent_color=&#8221;#60ae0d&#8221;][vc_empty_space height=&#8221;15px&#8221; css=&#8221;.vc_custom_1500049116682{background-color: #ffffff !important;}&#8221;][vc_row_inner][vc_column_inner css=&#8221;.vc_custom_1500003449923{background-color: #ffffff !important;}&#8221;][vc_column_text css=&#8221;.vc_custom_1501612440419{background-color: #ffffff !important;}&#8221;]<\/p>\n<h2><span style=\"color: #60ae0d;\"><em>Ampliando Horizontes<\/em><\/span><\/h2>\n<h2>Programa Investimento Educacional<\/h2>\n<p>[\/vc_column_text][vc_column_text]<\/p>\n<h5 class=\"corpo_just\">Visando agregar valor aos seus profissionais e \u00e0 organiza\u00e7\u00e3o, a Pizza Hut investe na educa\u00e7\u00e3o e desenvolvimento de seus talentos, disponibilizando bolsas que v\u00e3o de 35% a 100% para cursos de n\u00edvel superior, p\u00f3s-gradua\u00e7\u00e3o, idiomas e outros.<\/h5>\n<h5 class=\"corpo_just\">Todo o quadro gerencial dos restaurantes e a equipe do Centro de Atendimento aos Restaurantes (CAR) pode solicitar o benef\u00edcio, do in\u00edcio ao fim do curso. As exig\u00eancias s\u00e3o poucas e incluem, entre outras coisas: uma boa avalia\u00e7\u00e3o de desempenho, a escolha de um curso compat\u00edvel com o neg\u00f3cio e a n\u00e3o reprova\u00e7\u00e3o.<\/h5>\n<h5 class=\"corpo_just\">Em 2014 foram investidos no programa R$ 29.071,96.<\/h5>\n<p>[\/vc_column_text][vc_separator color=&#8221;custom&#8221; border_width=&#8221;2&#8243; accent_color=&#8221;#60ae0d&#8221;][\/vc_column_inner][\/vc_row_inner][vc_row_inner][vc_column_inner width=&#8221;2\/3&#8243; css=&#8221;.vc_custom_1500003449923{background-color: #ffffff !important;}&#8221;][vc_column_text css=&#8221;.vc_custom_1501614796913{background-color: #ffffff !important;}&#8221;]<\/p>\n<h2><span style=\"color: #60ae0d;\"><em>Parceria<\/em><\/span><\/h2>\n<h2>Pizza Hut iniciou em 2008 parceria junto ao Senac<\/h2>\n<p>[\/vc_column_text][vc_column_text]<\/p>\n<h5>Visando o desenvolvimento e crescimento profissional dos colaboradores a Pizza Hut fecha parceria junto ao Senac no ano de 2008.<\/h5>\n<h5>O objetivo e dar a oportunidade de desenvolvimento e crescimento profissional aos colaboradores e ao crescimento da organiza\u00e7\u00e3o.<\/h5>\n<h5>A parceria junto ao Senac oferece at\u00e9 20% de desconto em todos os cursos oferecido pelo Senac.<\/h5>\n<p>[\/vc_column_text][\/vc_column_inner][vc_column_inner width=&#8221;1\/3&#8243;][vc_single_image image=&#8221;6003&#8243; img_size=&#8221;300&#215;177&#8243;][\/vc_column_inner][\/vc_row_inner][vc_separator color=&#8221;custom&#8221; border_width=&#8221;2&#8243; accent_color=&#8221;#60ae0d&#8221;][vc_row_inner][vc_column_inner width=&#8221;2\/3&#8243; css=&#8221;.vc_custom_1500003449923{background-color: #ffffff !important;}&#8221;][vc_column_text css=&#8221;.vc_custom_1501615202975{background-color: #ffffff !important;}&#8221;]<\/p>\n<h2><span style=\"color: #60ae0d;\"><em>Parceria<\/em><\/span><\/h2>\n<h2>Pizza Hut sempre de olhos abertos em quest\u00f5es sociais<\/h2>\n<p>[\/vc_column_text][vc_column_text]<\/p>\n<h5>A Pizza Hut est\u00e1 sempre com os olhos abertos para as quest\u00f5es sociais e procura ajudar a inserir pessoas no mercado de trabalho. Em janeiro a Pizza Hut fechou parceria com a funda\u00e7\u00e3o Dorina Nowill.<\/h5>\n<h5>A funda\u00e7\u00e3o da assist\u00eancia para pessoas com todo tipo de defici\u00eancia visual.<\/h5>\n<h5>Pensando no desenvolvimento dessas pessoas a Pizza Hut ofereceu junto a Dorina Nowill cursos profissionalizantes para essas pessoas dentro da pr\u00f3pria funda\u00e7\u00e3o.<\/h5>\n<h5>Onde foi disponibilizado 30 vagas, e tivemos 10 matriculados, sendo que 1 desistiu por problema de sa\u00fade e 1 inseridos no mercado de trabalho e 8 participantes do micro estagio dentro da pr\u00f3pria funda\u00e7\u00e3o.<\/h5>\n<p>[\/vc_column_text][\/vc_column_inner][vc_column_inner width=&#8221;1\/3&#8243;][vc_single_image image=&#8221;5656&#8243; img_size=&#8221;400&#215;292&#8243;][\/vc_column_inner][\/vc_row_inner][vc_separator color=&#8221;custom&#8221; border_width=&#8221;2&#8243; accent_color=&#8221;#60ae0d&#8221;][vc_row_inner][vc_column_inner width=&#8221;2\/3&#8243; css=&#8221;.vc_custom_1500003449923{background-color: #ffffff !important;}&#8221;][vc_column_text css=&#8221;.vc_custom_1501615565699{background-color: #ffffff !important;}&#8221;]<\/p>\n<h2><span style=\"color: #60ae0d;\"><em>Parceria<\/em><\/span><\/h2>\n<h2>Sociedade Minha Dow \u00e9 Up<\/h2>\n<p>[\/vc_column_text][vc_column_text]<\/p>\n<h5>Pizza Hut como j\u00e1 tem dito valoriza a diversidade e a\u00e7\u00f5es que proporcionam aprendizado a todos os colaboradores da empresa e sociedade e por este motivo, no m\u00eas de dezembro\/2016 ela firmou mais uma parceria, desta vez com o projeto <strong>MINHA DOWN \u00e9 UP<\/strong>.<\/h5>\n<h5>O minha Down \u00e9 up! Tema a miss\u00e3o de ajudar fam\u00edlias a entenderem sobre o tema \u2013 S\u00edndrome de Down.<\/h5>\n<p>[\/vc_column_text][\/vc_column_inner][vc_column_inner width=&#8221;1\/3&#8243;][vc_single_image image=&#8221;5662&#8243; img_size=&#8221;400&#215;300&#8243;][\/vc_column_inner][\/vc_row_inner][vc_empty_space height=&#8221;15px&#8221; css=&#8221;.vc_custom_1500049116682{background-color: #ffffff !important;}&#8221;]<\/div><div class='dt-sc-tabs-horizontal-frame-content'>[vc_row_inner][vc_column_inner][vc_column_text]<\/p>\n<h2><b>A KFC \u00c9 UM SUCESSO MUNDIAL!<\/b><\/h2>\n<p>[\/vc_column_text][\/vc_column_inner][\/vc_row_inner][vc_row_inner][vc_column_inner][layerslider_vc id=&#8221;5&#8243;][\/vc_column_inner][\/vc_row_inner][vc_row_inner][vc_column_inner width=&#8221;1\/2&#8243;][vc_column_text]<\/p>\n<h5>Presente em mais de 109 pa\u00edses, a rede \u00e9 famosa pela sua receita de frango, que foi criada em 1939 em Kentucky (EUA) pelo Coronel Harland Sanders (o \u201cvelhinho da foto\u201d), a partir da mistura de 11 diferentes tipos de ervas e temperos.<\/h5>\n<h5>A receita permanece a mesma at\u00e9 hoje, e \u00e9 mantida sob forte sigilo. A marca registrada da Empresa \u00e9 o famoso \u201cbalde de frango\u201d.<\/h5>\n<p>[\/vc_column_text][\/vc_column_inner][vc_column_inner width=&#8221;1\/2&#8243;][vc_column_text]<\/p>\n<h5>Hoje a KFC \u00e9 a maior rede de restaurantes de frango do mundo, com mais de 15.000 restaurantes.<\/h5>\n<h5>A BFFC opera <b>10 pontos de venda no Brasil<\/b> desde 2007 sendo, 1 ponto em Barueri e 9 pontos no RJ.<\/h5>\n<p>[\/vc_column_text][\/vc_column_inner][\/vc_row_inner]<\/div><\/div>[\/vc_column][\/vc_row]<\/p>\n","protected":false},"excerpt":{"rendered":"<p>[vc_row][vc_column][\/vc_column][\/vc_row][vc_row][vc_column][\/vc_column][\/vc_row]<\/p>\n","protected":false},"author":1,"featured_media":0,"parent":0,"menu_order":0,"comment_status":"open","ping_status":"open","template":"","meta":{"footnotes":""},"class_list":["post-5873","page","type-page","status-publish","hentry"],"_links":{"self":[{"href":"https:\/\/2016.balancosocialbffc.com.br\/index.php\/wp-json\/wp\/v2\/pages\/5873","targetHints":{"allow":["GET"]}}],"collection":[{"href":"https:\/\/2016.balancosocialbffc.com.br\/index.php\/wp-json\/wp\/v2\/pages"}],"about":[{"href":"https:\/\/2016.balancosocialbffc.com.br\/index.php\/wp-json\/wp\/v2\/types\/page"}],"author":[{"embeddable":true,"href":"https:\/\/2016.balancosocialbffc.com.br\/index.php\/wp-json\/wp\/v2\/users\/1"}],"replies":[{"embeddable":true,"href":"https:\/\/2016.balancosocialbffc.com.br\/index.php\/wp-json\/wp\/v2\/comments?post=5873"}],"version-history":[{"count":155,"href":"https:\/\/2016.balancosocialbffc.com.br\/index.php\/wp-json\/wp\/v2\/pages\/5873\/revisions"}],"predecessor-version":[{"id":6292,"href":"https:\/\/2016.balancosocialbffc.com.br\/index.php\/wp-json\/wp\/v2\/pages\/5873\/revisions\/6292"}],"wp:attachment":[{"href":"https:\/\/2016.balancosocialbffc.com.br\/index.php\/wp-json\/wp\/v2\/media?parent=5873"}],"curies":[{"name":"wp","href":"https:\/\/api.w.org\/{rel}","templated":true}]}}